{"id":73,"date":"2026-03-09T14:45:12","date_gmt":"2026-03-09T14:45:12","guid":{"rendered":"https:\/\/amisdejaillans.fr\/?page_id=73"},"modified":"2026-03-26T09:37:44","modified_gmt":"2026-03-26T09:37:44","slug":"accueil","status":"publish","type":"page","link":"https:\/\/amisdejaillans.fr\/","title":{"rendered":""},"content":{"rendered":"\n<div class=\"wp-block-cover alignfull is-light\" style=\"border-style:none;border-width:0px;margin-top:var(--wp--preset--spacing--superbspacing-small);margin-bottom:var(--wp--preset--spacing--superbspacing-small);padding-top:var(--wp--preset--spacing--superbspacing-xsmall);padding-bottom:var(--wp--preset--spacing--superbspacing-xsmall)\"><img loading=\"lazy\" decoding=\"async\" width=\"1024\" height=\"681\" class=\"wp-block-cover__image-background wp-image-187 size-large\" alt=\"\" src=\"http:\/\/amisdejaillans.fr\/wp-content\/uploads\/2026\/03\/JaillansFestiTour-150-1024x681.jpg\" data-object-fit=\"cover\" srcset=\"https:\/\/amisdejaillans.fr\/wp-content\/uploads\/2026\/03\/JaillansFestiTour-150-1024x681.jpg 1024w, https:\/\/amisdejaillans.fr\/wp-content\/uploads\/2026\/03\/JaillansFestiTour-150-300x200.jpg 300w, https:\/\/amisdejaillans.fr\/wp-content\/uploads\/2026\/03\/JaillansFestiTour-150-768x511.jpg 768w, https:\/\/amisdejaillans.fr\/wp-content\/uploads\/2026\/03\/JaillansFestiTour-150-1536x1022.jpg 1536w, https:\/\/amisdejaillans.fr\/wp-content\/uploads\/2026\/03\/JaillansFestiTour-150-2048x1363.jpg 2048w\" sizes=\"auto, (max-width: 1024px) 100vw, 1024px\" \/><span aria-hidden=\"true\" class=\"wp-block-cover__background has-background-dim-0 has-background-dim\" style=\"background-color:#638a95\"><\/span><div class=\"wp-block-cover__inner-container has-global-padding is-layout-constrained wp-container-core-cover-is-layout-a3927b6f wp-block-cover-is-layout-constrained\">\n<p><\/p>\n\n\n\n<p><\/p>\n\n\n\n<p><\/p>\n\n\n\n<p class=\"has-superbfont-large-font-size\"><\/p>\n\n\n\n<p class=\"has-text-align-center has-contrast-light-color has-text-color has-link-color has-superbfont-large-font-size wp-elements-7403747e8089e52c77ce5c2b13d90c07\"><\/p>\n<\/div><\/div>\n\n\n\n<div class=\"wp-block-group alignfull has-global-padding is-layout-constrained wp-block-group-is-layout-constrained\" style=\"margin-top:var(--wp--preset--spacing--superbspacing-small);margin-bottom:var(--wp--preset--spacing--superbspacing-small)\">\n<div class=\"wp-block-group alignwide has-global-padding is-layout-constrained wp-block-group-is-layout-constrained\" style=\"padding-top:var(--wp--preset--spacing--60);padding-bottom:var(--wp--preset--spacing--60)\">\n<h2 class=\"wp-block-heading alignwide has-small-font-size\" style=\"font-style:normal;font-weight:700;letter-spacing:1.4px;text-transform:uppercase\">Nos actualit\u00e9s :<\/h2>\n\n\n\n<div class=\"wp-block-query alignwide is-layout-flow wp-block-query-is-layout-flow\"><ul class=\"alignfull wp-block-post-template is-layout-flow wp-container-core-post-template-is-layout-3ee800f6 wp-block-post-template-is-layout-flow\"><li class=\"wp-block-post post-417 post type-post status-publish format-standard has-post-thumbnail hentry category-uncategorized\">\n\n<div class=\"wp-block-group alignfull is-content-justification-space-between is-nowrap is-layout-flex wp-container-core-group-is-layout-154222c2 wp-block-group-is-layout-flex\" style=\"border-bottom-color:var(--wp--preset--color--accent-6);border-bottom-width:1px;padding-top:var(--wp--preset--spacing--30);padding-bottom:var(--wp--preset--spacing--30)\"><h3 class=\"wp-block-post-title has-large-font-size\"><a href=\"https:\/\/amisdejaillans.fr\/index.php\/2026\/04\/21\/randonnee-du-tram-decouverte-du-patrimoine\/\" target=\"_self\" >Randonn\u00e9e du Tram : d\u00e9couverte du patrimoine<\/a><\/h3>\n\n<div class=\"has-text-align-right wp-block-post-date\"><time datetime=\"2026-04-21T06:57:57+00:00\"><a href=\"https:\/\/amisdejaillans.fr\/index.php\/2026\/04\/21\/randonnee-du-tram-decouverte-du-patrimoine\/\">April 21, 2026<\/a><\/time><\/div><\/div>\n\n<\/li><li class=\"wp-block-post post-92 post type-post status-publish format-standard has-post-thumbnail hentry category-uncategorized\">\n\n<div class=\"wp-block-group alignfull is-content-justification-space-between is-nowrap is-layout-flex wp-container-core-group-is-layout-154222c2 wp-block-group-is-layout-flex\" style=\"border-bottom-color:var(--wp--preset--color--accent-6);border-bottom-width:1px;padding-top:var(--wp--preset--spacing--30);padding-bottom:var(--wp--preset--spacing--30)\"><h3 class=\"wp-block-post-title has-large-font-size\"><a href=\"https:\/\/amisdejaillans.fr\/index.php\/2026\/03\/09\/medievales\/\" target=\"_self\" >R\u00e9union publique d&#8217;information sur les M\u00e9di\u00e9vales 2026<\/a><\/h3>\n\n<div class=\"has-text-align-right wp-block-post-date\"><time datetime=\"2026-03-09T15:07:03+00:00\"><a href=\"https:\/\/amisdejaillans.fr\/index.php\/2026\/03\/09\/medievales\/\">March 9, 2026<\/a><\/time><\/div><\/div>\n\n<\/li><li class=\"wp-block-post post-1 post type-post status-publish format-standard has-post-thumbnail hentry category-uncategorized\">\n\n<div class=\"wp-block-group alignfull is-content-justification-space-between is-nowrap is-layout-flex wp-container-core-group-is-layout-154222c2 wp-block-group-is-layout-flex\" style=\"border-bottom-color:var(--wp--preset--color--accent-6);border-bottom-width:1px;padding-top:var(--wp--preset--spacing--30);padding-bottom:var(--wp--preset--spacing--30)\"><h3 class=\"wp-block-post-title has-large-font-size\"><a href=\"https:\/\/amisdejaillans.fr\/index.php\/2026\/02\/18\/hello-world\/\" target=\"_self\" >Bienvenue sur le nouveau site des Amis de Jaillans !<\/a><\/h3>\n\n<div class=\"has-text-align-right wp-block-post-date\"><time datetime=\"2026-02-18T10:09:22+00:00\"><a href=\"https:\/\/amisdejaillans.fr\/index.php\/2026\/02\/18\/hello-world\/\">February 18, 2026<\/a><\/time><\/div><\/div>\n\n<\/li><\/ul><\/div>\n<\/div>\n\n\n\n<div class=\"wp-block-group has-global-padding is-layout-constrained wp-block-group-is-layout-constrained\">\n<ul class=\"wp-block-social-links aligncenter has-huge-icon-size has-icon-color is-style-logos-only is-content-justification-center is-layout-flex wp-container-core-social-links-is-layout-67e310e4 wp-block-social-links-is-layout-flex\" style=\"border-style:none;border-width:0px;margin-top:0;margin-right:0;margin-bottom:0;margin-left:0\"><li style=\"color:#798f46;\" class=\"wp-social-link wp-social-link-facebook  wp-block-social-link\"><a href=\"https:\/\/www.facebook.com\/LesAmisdeJaillans\/\" class=\"wp-block-social-link-anchor\"><svg width=\"24\" height=\"24\" viewBox=\"0 0 24 24\" version=\"1.1\" xmlns=\"http:\/\/www.w3.org\/2000\/svg\" aria-hidden=\"true\" focusable=\"false\"><path d=\"M12 2C6.5 2 2 6.5 2 12c0 5 3.7 9.1 8.4 9.9v-7H7.9V12h2.5V9.8c0-2.5 1.5-3.9 3.8-3.9 1.1 0 2.2.2 2.2.2v2.5h-1.3c-1.2 0-1.6.8-1.6 1.6V12h2.8l-.4 2.9h-2.3v7C18.3 21.1 22 17 22 12c0-5.5-4.5-10-10-10z\"><\/path><\/svg><span class=\"wp-block-social-link-label screen-reader-text\">Facebook<\/span><\/a><\/li>\n\n<li style=\"color:#798f46;\" class=\"wp-social-link wp-social-link-instagram  wp-block-social-link\"><a href=\"https:\/\/www.instagram.com\/lesamisdejaillans\/\" class=\"wp-block-social-link-anchor\"><svg width=\"24\" height=\"24\" viewBox=\"0 0 24 24\" version=\"1.1\" xmlns=\"http:\/\/www.w3.org\/2000\/svg\" aria-hidden=\"true\" focusable=\"false\"><path d=\"M12,4.622c2.403,0,2.688,0.009,3.637,0.052c0.877,0.04,1.354,0.187,1.671,0.31c0.42,0.163,0.72,0.358,1.035,0.673 c0.315,0.315,0.51,0.615,0.673,1.035c0.123,0.317,0.27,0.794,0.31,1.671c0.043,0.949,0.052,1.234,0.052,3.637 s-0.009,2.688-0.052,3.637c-0.04,0.877-0.187,1.354-0.31,1.671c-0.163,0.42-0.358,0.72-0.673,1.035 c-0.315,0.315-0.615,0.51-1.035,0.673c-0.317,0.123-0.794,0.27-1.671,0.31c-0.949,0.043-1.233,0.052-3.637,0.052 s-2.688-0.009-3.637-0.052c-0.877-0.04-1.354-0.187-1.671-0.31c-0.42-0.163-0.72-0.358-1.035-0.673 c-0.315-0.315-0.51-0.615-0.673-1.035c-0.123-0.317-0.27-0.794-0.31-1.671C4.631,14.688,4.622,14.403,4.622,12 s0.009-2.688,0.052-3.637c0.04-0.877,0.187-1.354,0.31-1.671c0.163-0.42,0.358-0.72,0.673-1.035 c0.315-0.315,0.615-0.51,1.035-0.673c0.317-0.123,0.794-0.27,1.671-0.31C9.312,4.631,9.597,4.622,12,4.622 M12,3 C9.556,3,9.249,3.01,8.289,3.054C7.331,3.098,6.677,3.25,6.105,3.472C5.513,3.702,5.011,4.01,4.511,4.511 c-0.5,0.5-0.808,1.002-1.038,1.594C3.25,6.677,3.098,7.331,3.054,8.289C3.01,9.249,3,9.556,3,12c0,2.444,0.01,2.751,0.054,3.711 c0.044,0.958,0.196,1.612,0.418,2.185c0.23,0.592,0.538,1.094,1.038,1.594c0.5,0.5,1.002,0.808,1.594,1.038 c0.572,0.222,1.227,0.375,2.185,0.418C9.249,20.99,9.556,21,12,21s2.751-0.01,3.711-0.054c0.958-0.044,1.612-0.196,2.185-0.418 c0.592-0.23,1.094-0.538,1.594-1.038c0.5-0.5,0.808-1.002,1.038-1.594c0.222-0.572,0.375-1.227,0.418-2.185 C20.99,14.751,21,14.444,21,12s-0.01-2.751-0.054-3.711c-0.044-0.958-0.196-1.612-0.418-2.185c-0.23-0.592-0.538-1.094-1.038-1.594 c-0.5-0.5-1.002-0.808-1.594-1.038c-0.572-0.222-1.227-0.375-2.185-0.418C14.751,3.01,14.444,3,12,3L12,3z M12,7.378 c-2.552,0-4.622,2.069-4.622,4.622S9.448,16.622,12,16.622s4.622-2.069,4.622-4.622S14.552,7.378,12,7.378z M12,15 c-1.657,0-3-1.343-3-3s1.343-3,3-3s3,1.343,3,3S13.657,15,12,15z M16.804,6.116c-0.596,0-1.08,0.484-1.08,1.08 s0.484,1.08,1.08,1.08c0.596,0,1.08-0.484,1.08-1.08S17.401,6.116,16.804,6.116z\"><\/path><\/svg><span class=\"wp-block-social-link-label screen-reader-text\">Instagram<\/span><\/a><\/li><\/ul>\n<\/div>\n<\/div>\n\n\n\n<div class=\"wp-block-group alignfull is-layout-flow wp-container-core-group-is-layout-6f5002f9 wp-block-group-is-layout-flow\" style=\"border-bottom-color:var(--wp--preset--color--mono-3);border-bottom-width:1px;margin-top:0;margin-bottom:0;padding-top:0;padding-right:0;padding-bottom:0;padding-left:0\">\n<div class=\"wp-block-group alignfull has-background has-global-padding is-layout-constrained wp-container-core-group-is-layout-c3b3325f wp-block-group-is-layout-constrained\" style=\"border-style:none;border-width:0px;background-color:#fff9ed;margin-top:0;margin-bottom:0;padding-top:var(--wp--preset--spacing--superbspacing-large);padding-right:var(--wp--preset--spacing--superbspacing-small);padding-bottom:var(--wp--preset--spacing--superbspacing-large);padding-left:var(--wp--preset--spacing--superbspacing-small)\">\n<div class=\"wp-block-group alignwide has-global-padding is-layout-constrained wp-container-core-group-is-layout-3faa0c81 wp-block-group-is-layout-constrained\">\n<h2 class=\"wp-block-heading has-text-align-left has-contrast-color has-text-color has-superbfont-xlarge-font-size\" style=\"font-style:normal;font-weight:300\">D\u00e9couvrez notre association <\/h2>\n\n\n\n<div class=\"wp-block-group alignfull is-layout-flow wp-container-core-group-is-layout-6f5002f9 wp-block-group-is-layout-flow\" style=\"border-bottom-color:var(--wp--preset--color--mono-3);border-bottom-width:1px;margin-top:0;margin-bottom:0;padding-top:0;padding-right:0;padding-bottom:0;padding-left:0\"><\/div>\n<\/div>\n\n\n\n<div class=\"wp-block-columns alignwide is-layout-flex wp-container-core-columns-is-layout-f9d87e41 wp-block-columns-is-layout-flex\">\n<div class=\"wp-block-column is-vertically-aligned-top is-layout-flow wp-container-core-column-is-layout-db2cb278 wp-block-column-is-layout-flow\">\n<figure class=\"wp-block-image size-large is-resized\"><img loading=\"lazy\" decoding=\"async\" width=\"768\" height=\"1024\" src=\"http:\/\/amisdejaillans.fr\/wp-content\/uploads\/2026\/02\/19142-caq6aih3y2-whr-768x1024.jpg\" alt=\"\" class=\"wp-image-15\" style=\"object-fit:cover;width:600px;height:480px\" srcset=\"https:\/\/amisdejaillans.fr\/wp-content\/uploads\/2026\/02\/19142-caq6aih3y2-whr-768x1024.jpg 768w, https:\/\/amisdejaillans.fr\/wp-content\/uploads\/2026\/02\/19142-caq6aih3y2-whr-225x300.jpg 225w, https:\/\/amisdejaillans.fr\/wp-content\/uploads\/2026\/02\/19142-caq6aih3y2-whr.jpg 900w\" sizes=\"auto, (max-width: 768px) 100vw, 768px\" \/><\/figure>\n\n\n\n<div class=\"wp-block-group has-global-padding is-layout-constrained wp-container-core-group-is-layout-85cc789f wp-block-group-is-layout-constrained\">\n<div class=\"wp-block-group has-global-padding is-layout-constrained wp-container-core-group-is-layout-19e250f3 wp-block-group-is-layout-constrained\">\n<h3 class=\"wp-block-heading has-text-align-left has-contrast-color has-text-color\" style=\"font-size:clamp(15.747px, 0.984rem + ((1vw - 3.2px) * 0.809), 24px);\">\u00c0 propos de l&#8217;association<\/h3>\n<\/div>\n\n\n\n<p class=\"has-text-align-left has-contrast-color has-text-color has-superbfont-xsmall-font-size\" style=\"margin-top:var(--wp--preset--spacing--superbspacing-xxsmall);margin-bottom:var(--wp--preset--spacing--superbspacing-xxsmall)\">Cr\u00e9\u00e9e en <strong>1988<\/strong>, Les Amis de Jaillans est une association <strong>loi 1901 reconnue d\u2019int\u00e9r\u00eat g\u00e9n\u00e9ral.<\/strong> Aux c\u00f4t\u00e9s de la mairie, des habitant\u00b7es et des acteurs locaux, elle \u0153uvre pour <strong>pr\u00e9server et valoriser le patrimoine culturel du village. <\/strong>L\u2019association <strong>favorise aussi le lien social <\/strong>en organisant des \u00e9v\u00e9nements culturels et solidaires ouverts \u00e0 tous. <br><br>Notre association fonctionne gr\u00e2ce \u00e0 deux \u00e9quipes compl\u00e9mentaires : le Bureau, qui veille \u00e0 ce que les d\u00e9cisions prises ensemble soient concr\u00e8tement mises en \u0153uvre, et le Conseil d\u2019Administration, qui r\u00e9fl\u00e9chit aux grandes orientations et imagine l\u2019avenir de notre projet commun.<\/p>\n\n\n\n<p class=\"has-superbfont-small-font-size\"><a href=\"https:\/\/amisdejaillans.fr\/index.php\/a-propos\/\" data-type=\"page\" data-id=\"103\">En savoir plus <\/a><\/p>\n<\/div>\n<\/div>\n\n\n\n<div class=\"wp-block-column is-vertically-aligned-top is-layout-flow wp-container-core-column-is-layout-db2cb278 wp-block-column-is-layout-flow\">\n<figure class=\"wp-block-image size-large is-resized\" style=\"margin-top:0;margin-bottom:0\"><img loading=\"lazy\" decoding=\"async\" width=\"681\" height=\"1024\" src=\"http:\/\/amisdejaillans.fr\/wp-content\/uploads\/2026\/02\/MedievalJaillans-275-681x1024.jpg\" alt=\"\" class=\"wp-image-16\" style=\"object-fit:cover;width:600px;height:480px\" srcset=\"https:\/\/amisdejaillans.fr\/wp-content\/uploads\/2026\/02\/MedievalJaillans-275-681x1024.jpg 681w, https:\/\/amisdejaillans.fr\/wp-content\/uploads\/2026\/02\/MedievalJaillans-275-200x300.jpg 200w, https:\/\/amisdejaillans.fr\/wp-content\/uploads\/2026\/02\/MedievalJaillans-275-768x1154.jpg 768w, https:\/\/amisdejaillans.fr\/wp-content\/uploads\/2026\/02\/MedievalJaillans-275-1022x1536.jpg 1022w, https:\/\/amisdejaillans.fr\/wp-content\/uploads\/2026\/02\/MedievalJaillans-275-1363x2048.jpg 1363w, https:\/\/amisdejaillans.fr\/wp-content\/uploads\/2026\/02\/MedievalJaillans-275.jpg 1607w\" sizes=\"auto, (max-width: 681px) 100vw, 681px\" \/><\/figure>\n\n\n\n<div class=\"wp-block-group has-global-padding is-layout-constrained wp-container-core-group-is-layout-85cc789f wp-block-group-is-layout-constrained\">\n<div class=\"wp-block-group has-global-padding is-layout-constrained wp-container-core-group-is-layout-19e250f3 wp-block-group-is-layout-constrained\">\n<h3 class=\"wp-block-heading has-text-align-left has-contrast-color has-text-color\" style=\"font-size:clamp(15.747px, 0.984rem + ((1vw - 3.2px) * 0.809), 24px);\">Nos \u00e9v\u00e9nements<\/h3>\n<\/div>\n\n\n\n<p class=\"has-text-align-left has-contrast-color has-text-color has-superbfont-xsmall-font-size\" style=\"margin-top:var(--wp--preset--spacing--superbspacing-xxsmall);margin-bottom:var(--wp--preset--spacing--superbspacing-xxsmall)\">Tout au long de l\u2019ann\u00e9e, notre association participe activement \u00e0 la vie du village en organisant des \u00e9v\u00e9nements culturels et solidaires. <strong>Parmi les rendez-vous incontournables figurent la F\u00eate de la Musique en juin et les M\u00e9di\u00e9vales de Jaillans en septembre.<\/strong><br><br>Nous proposons \u00e9galement diverses activit\u00e9s qui valorisent la convivialit\u00e9 et le patrimoine local : concerts \u00e0 l\u2019\u00e9glise, sortie avec <strong>spectacle au Ch\u00e2teau de Grignan<\/strong>, et <strong>randonn\u00e9e du Tram<\/strong>. Enfin, nous nous impliquons aux c\u00f4t\u00e9s des autres associations du village dans l\u2019organisation d\u2019\u00e9v\u00e9nements locaux tels que le <strong>T\u00e9l\u00e9thon ou la f\u00eate des laboureurs.<\/strong><\/p>\n\n\n\n<p class=\"has-superbfont-small-font-size\"><a href=\"https:\/\/amisdejaillans.fr\/index.php\/nos-evenements\/\" data-type=\"page\" data-id=\"55\">En savoir plus<\/a><\/p>\n<\/div>\n<\/div>\n\n\n\n<div class=\"wp-block-column is-vertically-aligned-top is-layout-flow wp-container-core-column-is-layout-db2cb278 wp-block-column-is-layout-flow\">\n<figure class=\"wp-block-image size-full is-resized\"><img loading=\"lazy\" decoding=\"async\" width=\"664\" height=\"743\" src=\"http:\/\/amisdejaillans.fr\/wp-content\/uploads\/2026\/03\/540486704_1080268304312597_4689997063431142111_n-1.jpg\" alt=\"\" class=\"wp-image-180\" style=\"object-fit:cover;width:600px;height:480px\" srcset=\"https:\/\/amisdejaillans.fr\/wp-content\/uploads\/2026\/03\/540486704_1080268304312597_4689997063431142111_n-1.jpg 664w, https:\/\/amisdejaillans.fr\/wp-content\/uploads\/2026\/03\/540486704_1080268304312597_4689997063431142111_n-1-268x300.jpg 268w\" sizes=\"auto, (max-width: 664px) 100vw, 664px\" \/><\/figure>\n\n\n\n<div class=\"wp-block-group has-global-padding is-content-justification-center is-layout-constrained wp-container-core-group-is-layout-c468f81c wp-block-group-is-layout-constrained\">\n<div class=\"wp-block-group has-global-padding is-layout-constrained wp-container-core-group-is-layout-19e250f3 wp-block-group-is-layout-constrained\">\n<h3 class=\"wp-block-heading has-text-align-left has-contrast-color has-text-color\" style=\"font-size:clamp(15.747px, 0.984rem + ((1vw - 3.2px) * 0.809), 24px);\">Nous aider<\/h3>\n<\/div>\n\n\n\n<p class=\"has-text-align-left has-contrast-color has-text-color has-superbfont-xsmall-font-size\" style=\"margin-top:var(--wp--preset--spacing--superbspacing-xxsmall);margin-bottom:var(--wp--preset--spacing--superbspacing-xxsmall)\"><strong>Gr\u00e2ce \u00e0 vous, notre association est vivante, dynamique et joyeuse. <\/strong>Votre pr\u00e9sence, votre bonne humeur et votre engagement font toute la richesse de nos rencontres, et nous avons h\u00e2te de vous retrouver pour de nouveaux \u00e9v\u00e9nements, projets et moments de partage tout au long de l\u2019ann\u00e9e.<\/p>\n\n\n\n<p class=\"has-text-align-left has-contrast-color has-text-color has-superbfont-xsmall-font-size\" style=\"margin-top:var(--wp--preset--spacing--superbspacing-xxsmall);margin-bottom:var(--wp--preset--spacing--superbspacing-xxsmall)\">&#8211; Devenez membre de l&#8217;association<br>&#8211; Faites un don<br>&#8211; Devenez b\u00e9n\u00e9vole<\/p>\n\n\n\n<p class=\"has-superbfont-small-font-size\"><a href=\"https:\/\/amisdejaillans.fr\/index.php\/nous-aider\/\" data-type=\"page\" data-id=\"98\">En savoir plus<\/a><\/p>\n<\/div>\n<\/div>\n<\/div>\n<\/div>\n<\/div>\n\n\n\n<div class=\"wp-block-group alignfull has-accent-5-background-color has-background has-global-padding is-layout-constrained wp-container-core-group-is-layout-8bbd0b3b wp-block-group-is-layout-constrained\" style=\"margin-top:0;margin-bottom:0;padding-top:var(--wp--preset--spacing--superbspacing-large);padding-right:var(--wp--preset--spacing--superbspacing-small);padding-bottom:var(--wp--preset--spacing--superbspacing-large);padding-left:var(--wp--preset--spacing--superbspacing-small)\">\n<div class=\"wp-block-columns alignwide is-layout-flex wp-container-core-columns-is-layout-25593187 wp-block-columns-is-layout-flex\">\n<div class=\"wp-block-column is-vertically-aligned-center is-layout-flow wp-container-core-column-is-layout-a1628350 wp-block-column-is-layout-flow\" style=\"padding-top:0;padding-right:0;padding-bottom:0;padding-left:0\">\n<div class=\"wp-block-group is-layout-flow wp-container-core-group-is-layout-ff697075 wp-block-group-is-layout-flow\">\n<p class=\"has-featured-color has-text-color has-link-color has-superbfont-small-font-size wp-elements-c36135de90f787ffa97e38e828c03315\">Une Histoire commune<\/p>\n\n\n\n<h3 class=\"wp-block-heading has-text-align-left has-superbfont-xlarge-font-size\" style=\"line-height:1.2\">Pr\u00e9server le patrimoine<\/h3>\n\n\n\n<p class=\"has-text-align-left has-mono-2-color has-text-color has-superbfont-small-font-size\">Notre association s\u2019engage activement pour <strong>la pr\u00e9servation, la restauration et la mise en valeur du patrimoine local. <\/strong><\/p>\n\n\n\n<p class=\"has-text-align-left has-mono-2-color has-text-color has-superbfont-small-font-size\">Parmi les tr\u00e9sors embl\u00e9matiques de la commune, <strong>l\u2019\u00c9glise Sainte-Marie<\/strong> occupe une place centrale. <strong>Class\u00e9e monument historique depuis 1926<\/strong>, elle figure parmi les \u00e9difices religieux m\u00e9di\u00e9vaux les plus remarquables de la r\u00e9gion. En collaboration \u00e9troite avec la mairie, notre association contribue \u00e0 sa restauration gr\u00e2ce \u00e0 des campagnes de collecte de fonds et \u00e0 l\u2019implication de nos b\u00e9n\u00e9voles, tout en \u0153uvrant \u00e0 faire d\u00e9couvrir et vivre ce lieu charg\u00e9 d\u2019histoire.<\/p>\n\n\n\n<p class=\"has-text-align-left has-mono-2-color has-text-color has-superbfont-small-font-size\">Au-del\u00e0 de ce monument majeur, nos actions s\u2019\u00e9tendent \u00e9galement <strong>\u00e0 la sauvegarde et \u00e0 la valorisation d\u2019autres sites importants <\/strong>: les calvaires, le pont du tram, les chemins de randonn\u00e9e, les r\u00e9partiteurs de source, ainsi que l\u2019histoire de la Jaille.<\/p>\n<\/div>\n<\/div>\n\n\n\n<div class=\"wp-block-column is-vertically-aligned-center is-layout-flow wp-container-core-column-is-layout-40a2a7e8 wp-block-column-is-layout-flow\" style=\"padding-right:0;padding-bottom:0;padding-left:0\">\n<figure class=\"wp-block-image size-large has-custom-border\"><img loading=\"lazy\" decoding=\"async\" width=\"1024\" height=\"662\" src=\"http:\/\/amisdejaillans.fr\/wp-content\/uploads\/2026\/02\/Jaillans_Drome_-_LEglise_33726512984-1024x662.jpg\" alt=\"\" class=\"wp-image-20\" style=\"border-radius:0px\" srcset=\"https:\/\/amisdejaillans.fr\/wp-content\/uploads\/2026\/02\/Jaillans_Drome_-_LEglise_33726512984-1024x662.jpg 1024w, https:\/\/amisdejaillans.fr\/wp-content\/uploads\/2026\/02\/Jaillans_Drome_-_LEglise_33726512984-300x194.jpg 300w, https:\/\/amisdejaillans.fr\/wp-content\/uploads\/2026\/02\/Jaillans_Drome_-_LEglise_33726512984-768x497.jpg 768w, https:\/\/amisdejaillans.fr\/wp-content\/uploads\/2026\/02\/Jaillans_Drome_-_LEglise_33726512984-1536x993.jpg 1536w, https:\/\/amisdejaillans.fr\/wp-content\/uploads\/2026\/02\/Jaillans_Drome_-_LEglise_33726512984-2048x1324.jpg 2048w\" sizes=\"auto, (max-width: 1024px) 100vw, 1024px\" \/><\/figure>\n<\/div>\n<\/div>\n<\/div>\n\n\n\n<div class=\"wp-block-group alignfull has-accent-5-background-color has-background has-global-padding is-layout-constrained wp-container-core-group-is-layout-8bbd0b3b wp-block-group-is-layout-constrained\" style=\"margin-top:0;margin-bottom:0;padding-top:var(--wp--preset--spacing--superbspacing-large);padding-right:var(--wp--preset--spacing--superbspacing-small);padding-bottom:var(--wp--preset--spacing--superbspacing-large);padding-left:var(--wp--preset--spacing--superbspacing-small)\">\n<div class=\"wp-block-columns alignwide is-layout-flex wp-container-core-columns-is-layout-25593187 wp-block-columns-is-layout-flex\">\n<div class=\"wp-block-column is-vertically-aligned-center is-layout-flow wp-container-core-column-is-layout-40a2a7e8 wp-block-column-is-layout-flow\" style=\"padding-right:0;padding-bottom:0;padding-left:0\">\n<figure class=\"wp-block-image size-large has-custom-border\"><img loading=\"lazy\" decoding=\"async\" width=\"1024\" height=\"645\" src=\"http:\/\/amisdejaillans.fr\/wp-content\/uploads\/2026\/03\/Agir-pour-communaute-1024x645.png\" alt=\"\" class=\"wp-image-182\" style=\"border-radius:0px\" srcset=\"https:\/\/amisdejaillans.fr\/wp-content\/uploads\/2026\/03\/Agir-pour-communaute-1024x645.png 1024w, https:\/\/amisdejaillans.fr\/wp-content\/uploads\/2026\/03\/Agir-pour-communaute-300x189.png 300w, https:\/\/amisdejaillans.fr\/wp-content\/uploads\/2026\/03\/Agir-pour-communaute-768x484.png 768w, https:\/\/amisdejaillans.fr\/wp-content\/uploads\/2026\/03\/Agir-pour-communaute-1536x968.png 1536w, https:\/\/amisdejaillans.fr\/wp-content\/uploads\/2026\/03\/Agir-pour-communaute.png 1576w\" sizes=\"auto, (max-width: 1024px) 100vw, 1024px\" \/><\/figure>\n<\/div>\n\n\n\n<div class=\"wp-block-column is-vertically-aligned-center is-layout-flow wp-container-core-column-is-layout-a1628350 wp-block-column-is-layout-flow\" style=\"padding-top:0;padding-right:0;padding-bottom:0;padding-left:0\">\n<div class=\"wp-block-group is-layout-flow wp-container-core-group-is-layout-ff697075 wp-block-group-is-layout-flow\">\n<p class=\"has-featured-color has-text-color has-link-color has-superbfont-small-font-size wp-elements-f187f37a58a6707cf0bb6e070ea346c8\">Cr\u00e9er du Lien <\/p>\n\n\n\n<h3 class=\"wp-block-heading has-text-align-left has-superbfont-xlarge-font-size\" style=\"line-height:1.2\">Agir ensemble pour la communaut\u00e9<\/h3>\n\n\n\n<p class=\"has-text-align-left has-mono-2-color has-text-color has-superbfont-small-font-size\">Au c\u0153ur de notre engagement, il y a la volont\u00e9 de <strong>cr\u00e9er du lien et de faire vivre un v\u00e9ritable esprit de communaut\u00e9. <\/strong>L\u2019association des Amis de Jaillans rassemble des habitants de tous horizons autour d\u2019un objectif commun : agir ensemble pour pr\u00e9server, valoriser et transmettre notre patrimoine. \u00c0 travers nos actions, nos \u00e9v\u00e9nements et nos projets participatifs, nous favorisons les rencontres, le partage et l\u2019entraide. <strong>Chacun peut y trouver sa place, s\u2019impliquer selon ses envies et contribuer,<\/strong> \u00e0 son \u00e9chelle, \u00e0 dynamiser la vie locale et \u00e0 renforcer les liens qui font la richesse de notre village.<\/p>\n<\/div>\n<\/div>\n<\/div>\n<\/div>\n\n\n\n<div class=\"wp-block-group alignfull has-global-padding is-layout-constrained wp-container-core-group-is-layout-4aa643fe wp-block-group-is-layout-constrained\" style=\"margin-top:0;margin-bottom:0;padding-top:var(--wp--preset--spacing--superbspacing-large);padding-right:var(--wp--preset--spacing--superbspacing-small);padding-bottom:var(--wp--preset--spacing--superbspacing-large);padding-left:var(--wp--preset--spacing--superbspacing-small)\">\n<div class=\"wp-block-cover alignwide\" style=\"border-radius:0px\"><img loading=\"lazy\" decoding=\"async\" width=\"1024\" height=\"681\" class=\"wp-block-cover__image-background wp-image-187 size-large\" alt=\"\" src=\"http:\/\/amisdejaillans.fr\/wp-content\/uploads\/2026\/03\/JaillansFestiTour-150-1024x681.jpg\" data-object-fit=\"cover\" srcset=\"https:\/\/amisdejaillans.fr\/wp-content\/uploads\/2026\/03\/JaillansFestiTour-150-1024x681.jpg 1024w, https:\/\/amisdejaillans.fr\/wp-content\/uploads\/2026\/03\/JaillansFestiTour-150-300x200.jpg 300w, https:\/\/amisdejaillans.fr\/wp-content\/uploads\/2026\/03\/JaillansFestiTour-150-768x511.jpg 768w, https:\/\/amisdejaillans.fr\/wp-content\/uploads\/2026\/03\/JaillansFestiTour-150-1536x1022.jpg 1536w, https:\/\/amisdejaillans.fr\/wp-content\/uploads\/2026\/03\/JaillansFestiTour-150-2048x1363.jpg 2048w\" sizes=\"auto, (max-width: 1024px) 100vw, 1024px\" \/><span aria-hidden=\"true\" class=\"wp-block-cover__background has-contrast-dark-background-color has-background-dim-10 has-background-dim\"><\/span><div class=\"wp-block-cover__inner-container is-layout-flow wp-block-cover-is-layout-flow\">\n<div class=\"wp-block-group alignwide is-vertical is-content-justification-center is-layout-flex wp-container-core-group-is-layout-39bbef91 wp-block-group-is-layout-flex\" style=\"border-radius:20px;padding-top:var(--wp--preset--spacing--superbspacing-xxlarge);padding-right:var(--wp--preset--spacing--superbspacing-small);padding-bottom:var(--wp--preset--spacing--superbspacing-xxlarge);padding-left:var(--wp--preset--spacing--superbspacing-small)\">\n<div class=\"wp-block-group has-global-padding is-layout-constrained wp-container-core-group-is-layout-85cc789f wp-block-group-is-layout-constrained\">\n<p class=\"has-text-align-center\" style=\"font-size:clamp(15.747px, 0.984rem + ((1vw - 3.2px) * 0.809), 24px);\">N&#8217;h\u00e9sitez pas!<\/p>\n\n\n\n<h2 class=\"wp-block-heading has-text-align-center has-contrast-light-color has-text-color has-superbfont-xlarge-font-size\">Contactez nous<\/h2>\n\n\n\n<p class=\"has-text-align-center has-contrast-light-color has-text-color has-superbfont-medium-font-size\"><\/p>\n<\/div>\n\n\n\n<div class=\"wp-block-buttons wp-container-content-9cfa9a5a is-content-justification-center is-layout-flex wp-container-core-buttons-is-layout-9b2276be wp-block-buttons-is-layout-flex\">\n<div class=\"wp-block-button is-style-fill\"><a class=\"wp-block-button__link has-contrast-color has-base-background-color has-text-color has-background has-link-color has-border-color has-contrast-light-border-color has-superbfont-small-font-size has-custom-font-size wp-element-button\" href=\"mailto:amisdejaillans@gmail.com\" style=\"border-width:1px\">Mail<\/a><\/div>\n<\/div>\n<\/div>\n<\/div><\/div>\n<\/div>\n","protected":false},"excerpt":{"rendered":"<p>Nos actualit\u00e9s : D\u00e9couvrez notre association \u00c0 propos de l&#8217;association Cr\u00e9\u00e9e en 1988, Les Amis de Jaillans est une association loi 1901 reconnue d\u2019int\u00e9r\u00eat g\u00e9n\u00e9ral. Aux c\u00f4t\u00e9s de la mairie, des habitant\u00b7es et des acteurs locaux, elle \u0153uvre pour pr\u00e9server et valoriser le patrimoine culturel du village. L\u2019association favorise aussi le lien social en organisant [&hellip;]<\/p>\n","protected":false},"author":1,"featured_media":0,"parent":0,"menu_order":0,"comment_status":"closed","ping_status":"closed","template":"","meta":{"footnotes":""},"class_list":["post-73","page","type-page","status-publish","hentry"],"_links":{"self":[{"href":"https:\/\/amisdejaillans.fr\/index.php\/wp-json\/wp\/v2\/pages\/73","targetHints":{"allow":["GET"]}}],"collection":[{"href":"https:\/\/amisdejaillans.fr\/index.php\/wp-json\/wp\/v2\/pages"}],"about":[{"href":"https:\/\/amisdejaillans.fr\/index.php\/wp-json\/wp\/v2\/types\/page"}],"author":[{"embeddable":true,"href":"https:\/\/amisdejaillans.fr\/index.php\/wp-json\/wp\/v2\/users\/1"}],"replies":[{"embeddable":true,"href":"https:\/\/amisdejaillans.fr\/index.php\/wp-json\/wp\/v2\/comments?post=73"}],"version-history":[{"count":33,"href":"https:\/\/amisdejaillans.fr\/index.php\/wp-json\/wp\/v2\/pages\/73\/revisions"}],"predecessor-version":[{"id":406,"href":"https:\/\/amisdejaillans.fr\/index.php\/wp-json\/wp\/v2\/pages\/73\/revisions\/406"}],"wp:attachment":[{"href":"https:\/\/amisdejaillans.fr\/index.php\/wp-json\/wp\/v2\/media?parent=73"}],"curies":[{"name":"wp","href":"https:\/\/api.w.org\/{rel}","templated":true}]}}